{"id":27,"date":"2020-06-15T16:17:45","date_gmt":"2020-06-15T14:17:45","guid":{"rendered":"https:\/\/bmemballage.com\/esp\/?page_id=27"},"modified":"2021-05-06T00:45:34","modified_gmt":"2021-05-05T22:45:34","slug":"informacion-de-interes","status":"publish","type":"page","link":"https:\/\/lab.bmemballage.com\/es\/informacion-de-interes\/","title":{"rendered":"INFORMACI\u00d3N DE INTER\u00c9S"},"content":{"rendered":"<p>[et_pb_section fb_built=\u00bb1&#8243; _builder_version=\u00bb4.5.6&#8243; _module_preset=\u00bbdefault\u00bb background_image=\u00bbhttps:\/\/lab.bmemballage.com\/esp\/wp-content\/uploads\/sites\/7\/2020\/07\/vineyard-102072_1920.jpg\u00bb custom_padding=\u00bb0px||0px|||\u00bb da_disable_devices=\u00bboff|off|off\u00bb da_is_popup=\u00bboff\u00bb da_exit_intent=\u00bboff\u00bb da_has_close=\u00bbon\u00bb da_alt_close=\u00bboff\u00bb da_dark_close=\u00bboff\u00bb da_not_modal=\u00bbon\u00bb da_is_singular=\u00bboff\u00bb da_with_loader=\u00bboff\u00bb da_has_shadow=\u00bbon\u00bb][et_pb_row use_custom_gutter=\u00bbon\u00bb gutter_width=\u00bb1&#8243; _builder_version=\u00bb4.5.6&#8243; _module_preset=\u00bbdefault\u00bb background_color=\u00bbrgba(0,0,0,0.44)\u00bb width=\u00bb100%\u00bb max_width=\u00bb1920px\u00bb custom_padding=\u00bb244px||244px||true|\u00bb][et_pb_column type=\u00bb4_4&#8243; _builder_version=\u00bb4.5.6&#8243; _module_preset=\u00bbdefault\u00bb][et_pb_text admin_label=\u00bbTITRE\u00bb _builder_version=\u00bb4.6.5&#8243; _module_preset=\u00bb1c3ed268-e51d-4770-a6b8-cd881930577b\u00bb header_font=\u00bbMontserrat|600|||||||\u00bb header_text_color=\u00bb#f4d010&#8243; width=\u00bb100%\u00bb module_alignment=\u00bbcenter\u00bb custom_padding=\u00bb41px|||||\u00bb header_font_size_tablet=\u00bb\u00bb header_font_size_phone=\u00bb28px\u00bb header_font_size_last_edited=\u00bbon|phone\u00bb]<\/p>\n<h1>INFORMACI\u00d3N \u00daTIL<\/h1>\n<p>[\/et_pb_text][\/et_pb_column][\/et_pb_row][\/et_pb_section][et_pb_section fb_built=\u00bb1&#8243; custom_padding_last_edited=\u00bbon|phone\u00bb module_id=\u00bbliensutiles\u00bb _builder_version=\u00bb4.6.5&#8243; _module_preset=\u00bbdefault\u00bb background_color=\u00bb#f2f2f2&#8243; custom_padding_tablet=\u00bb\u00bb custom_padding_phone=\u00bb||40px||false|false\u00bb da_disable_devices=\u00bboff|off|off\u00bb da_is_popup=\u00bboff\u00bb da_exit_intent=\u00bboff\u00bb da_has_close=\u00bbon\u00bb da_alt_close=\u00bboff\u00bb da_dark_close=\u00bboff\u00bb da_not_modal=\u00bbon\u00bb da_is_singular=\u00bboff\u00bb da_with_loader=\u00bboff\u00bb da_has_shadow=\u00bbon\u00bb][et_pb_row _builder_version=\u00bb4.5.6&#8243; _module_preset=\u00bbdefault\u00bb width=\u00bb100%\u00bb module_alignment=\u00bbcenter\u00bb custom_padding=\u00bb41px|||||\u00bb header_font_size_phone=\u00bb22px\u00bb header_font_size_last_edited=\u00bbon|phone\u00bb][et_pb_column type=\u00bb4_4&#8243; _builder_version=\u00bb4.5.6&#8243; _module_preset=\u00bbdefault\u00bb][et_pb_text _builder_version=\u00bb4.6.5&#8243; _module_preset=\u00bb1c3ed268-e51d-4770-a6b8-cd881930577b\u00bb header_text_align_tablet=\u00bb\u00bb header_text_align_phone=\u00bbcenter\u00bb header_text_align_last_edited=\u00bbon|phone\u00bb header_2_text_align_tablet=\u00bb\u00bb header_2_text_align_phone=\u00bbcenter\u00bb header_2_text_align_last_edited=\u00bbon|phone\u00bb header_2_font_size_tablet=\u00bb\u00bb header_2_font_size_phone=\u00bb22px\u00bb header_2_font_size_last_edited=\u00bbon|phone\u00bb]<\/p>\n<h2>ORGANIZACIONES<\/h2>\n<p>[\/et_pb_text][et_pb_blurb title=\u00bbLA FFPV\u00bb url=\u00bbhttps:\/\/www.ffpv.fr\/\u00bb url_new_window=\u00bbon\u00bb image=\u00bbhttps:\/\/lab.bmemballage.com\/esp\/wp-content\/uploads\/sites\/7\/2020\/08\/logo-centre.png\u00bb icon_placement=\u00bbleft\u00bb image_max_width=\u00bb300px\u00bb content_max_width=\u00bb100%\u00bb icon_placement_tablet=\u00bb\u00bb icon_placement_phone=\u00bbtop\u00bb icon_placement_last_edited=\u00bbon|phone\u00bb _builder_version=\u00bb4.6.5&#8243; _module_preset=\u00bbdefault\u00bb header_font=\u00bb|700|||||||\u00bb header_text_color=\u00bb#224584&#8243; header_font_size=\u00bb18px\u00bb body_link_text_color=\u00bb#224584&#8243; custom_padding_tablet=\u00bb\u00bb custom_padding_phone=\u00bb|20px||20px|false|false\u00bb custom_padding_last_edited=\u00bbon|phone\u00bb link_option_url=\u00bbhttps:\/\/www.ffpv.fr\/\u00bb link_option_url_new_window=\u00bbon\u00bb header_text_align_tablet=\u00bb\u00bb header_text_align_phone=\u00bbcenter\u00bb header_text_align_last_edited=\u00bbon|phone\u00bb body_font_size_tablet=\u00bb\u00bb body_font_size_phone=\u00bb14px\u00bb body_font_size_last_edited=\u00bbon|phone\u00bb]<\/p>\n<p>La FFPV es el \u00fanico sindicato de viveros de Francia y se cre\u00f3 el 24 de febrero de 2003 tras la adhesi\u00f3n de todos los sindicatos departamentales o regionales.<\/p>\n<p>La FFPV celebra un congreso anual que permite a los viveristas hacer un balance de los siguientes temas: normativa, resultados y perspectivas de final de temporada, contexto vit\u00edcola de las distintas regiones, etc.<\/p>\n<p><a href=\"https:\/\/www.ffpv.fr\/\" target=\"_blank\" rel=\"noopener noreferrer\"><span>www.ffpv.fr<\/span><\/a><\/p>\n<p>[\/et_pb_blurb][et_pb_blurb title=\u00bbINSTITUT FRAN\u00c7AIS DE LA VIGNE ET DU VIN\u00bb url=\u00bbhttps:\/\/www.vignevin.com\/\u00bb url_new_window=\u00bbon\u00bb image=\u00bbhttps:\/\/lab.bmemballage.com\/esp\/wp-content\/uploads\/sites\/7\/2020\/08\/download-3.png\u00bb icon_placement=\u00bbleft\u00bb image_max_width=\u00bb300px\u00bb content_max_width=\u00bb100%\u00bb icon_placement_tablet=\u00bb\u00bb icon_placement_phone=\u00bbtop\u00bb icon_placement_last_edited=\u00bbon|phone\u00bb image_max_width_tablet=\u00bb\u00bb image_max_width_phone=\u00bb141px\u00bb image_max_width_last_edited=\u00bbon|desktop\u00bb _builder_version=\u00bb4.6.5&#8243; _module_preset=\u00bbdefault\u00bb header_font=\u00bb|700|||||||\u00bb header_text_color=\u00bb#224584&#8243; header_font_size=\u00bb18px\u00bb body_link_text_color=\u00bb#224584&#8243; custom_padding_tablet=\u00bb\u00bb custom_padding_phone=\u00bb|20px||20px|false|false\u00bb custom_padding_last_edited=\u00bbon|phone\u00bb link_option_url=\u00bbhttps:\/\/www.vignevin.com\/\u00bb link_option_url_new_window=\u00bbon\u00bb header_text_align_tablet=\u00bb\u00bb header_text_align_phone=\u00bbcenter\u00bb header_text_align_last_edited=\u00bbon|phone\u00bb header_line_height_tablet=\u00bb\u00bb header_line_height_phone=\u00bb1.4em\u00bb header_line_height_last_edited=\u00bbon|phone\u00bb body_font_size_tablet=\u00bb\u00bb body_font_size_phone=\u00bb14px\u00bb body_font_size_last_edited=\u00bbon|phone\u00bb]<\/p>\n<p>El Instituto Franc\u00e9s de la Vi\u00f1a y el Vino (IFV) es un organismo t\u00e9cnico cuya \u00abmisi\u00f3n de inter\u00e9s general es realizar estudios generales para todo el sector vitivin\u00edcola en los \u00e1mbitos de la mejora vegetal, la viticultura, la vinificaci\u00f3n y la comercializaci\u00f3n de productos\u00bb.<\/p>\n<p><a href=\"https:\/\/www.vignevin.com\/\" target=\"_blank\" rel=\"noopener noreferrer\"><span>www.vignevin.com<\/span><\/a><\/p>\n<p>[\/et_pb_blurb][\/et_pb_column][\/et_pb_row][\/et_pb_section][et_pb_section fb_built=\u00bb1&#8243; custom_padding_last_edited=\u00bbon|phone\u00bb module_id=\u00bbsalons\u00bb _builder_version=\u00bb4.6.5&#8243; _module_preset=\u00bbdefault\u00bb custom_padding_tablet=\u00bb\u00bb custom_padding_phone=\u00bb40px||40px||false|false\u00bb da_disable_devices=\u00bboff|off|off\u00bb da_is_popup=\u00bboff\u00bb da_exit_intent=\u00bboff\u00bb da_has_close=\u00bbon\u00bb da_alt_close=\u00bboff\u00bb da_dark_close=\u00bboff\u00bb da_not_modal=\u00bbon\u00bb da_is_singular=\u00bboff\u00bb da_with_loader=\u00bboff\u00bb da_has_shadow=\u00bbon\u00bb][et_pb_row _builder_version=\u00bb4.5.6&#8243; _module_preset=\u00bbdefault\u00bb][et_pb_column type=\u00bb4_4&#8243; _builder_version=\u00bb4.5.6&#8243; _module_preset=\u00bbdefault\u00bb][et_pb_text content_tablet=\u00bb\u00bb content_phone=\u00bb<\/p>\n<h2>LES \u00c9V\u00c9NEMENTS <br \/>\u00c0 NE PAS RATER<\/h2>\n<p>\u00bb content_last_edited=\u00bbon|phone\u00bb _builder_version=\u00bb4.6.5&#8243; _module_preset=\u00bb3e83c471-5e65-4537-a855-d3569345055d\u00bb header_text_align_tablet=\u00bb\u00bb header_text_align_phone=\u00bbcenter\u00bb header_text_align_last_edited=\u00bbon|phone\u00bb header_2_text_align_tablet=\u00bb\u00bb header_2_text_align_phone=\u00bbcenter\u00bb header_2_text_align_last_edited=\u00bbon|phone\u00bb header_2_font_size_phone=\u00bb22px\u00bb]<\/p>\n<h2>EVENTOS QUE NO HAY QUE OLVIDAR<\/h2>\n<p>[\/et_pb_text][et_pb_blurb title=\u00bbSALON VINITECH &#8211; SIFEL\u00bb url=\u00bbhttps:\/\/www.vinitech-sifel.com\/\u00bb url_new_window=\u00bbon\u00bb image=\u00bbhttps:\/\/lab.bmemballage.com\/esp\/wp-content\/uploads\/sites\/7\/2020\/08\/download-2.png\u00bb icon_placement=\u00bbleft\u00bb image_max_width=\u00bb300px\u00bb content_max_width=\u00bb100%\u00bb icon_placement_tablet=\u00bb\u00bb icon_placement_phone=\u00bbtop\u00bb icon_placement_last_edited=\u00bbon|phone\u00bb _builder_version=\u00bb4.6.5&#8243; _module_preset=\u00bbdefault\u00bb header_font=\u00bb|700|||||||\u00bb header_text_color=\u00bb#224584&#8243; header_font_size=\u00bb18px\u00bb body_link_text_color=\u00bb#224584&#8243; link_option_url=\u00bbhttps:\/\/www.vinitech-sifel.com\/\u00bb link_option_url_new_window=\u00bbon\u00bb header_text_align_tablet=\u00bb\u00bb header_text_align_phone=\u00bbcenter\u00bb header_text_align_last_edited=\u00bbon|phone\u00bb body_font_size_tablet=\u00bb\u00bb body_font_size_phone=\u00bb14px\u00bb body_font_size_last_edited=\u00bbon|phone\u00bb locked=\u00bboff\u00bb]<\/p>\n<p>VINITECH-SIFEL es un gran evento internacional y una verdadera referencia para los profesionales de los sectores del vino, las frutas y las verduras. Ofrece un programa completo con la innovaci\u00f3n como tema principal.<\/p>\n<p>Vinitech-Sifel est\u00e1 dise\u00f1ado por y para profesionales. Todos los grandes actores del sector del vino y la huerta est\u00e1n presentes para decidir juntos el contenido y la ambici\u00f3n de esta exposici\u00f3n. Gracias a la inversi\u00f3n de un comit\u00e9 cient\u00edfico y t\u00e9cnico formado por expertos multidisciplinares reconocidos por la profesi\u00f3n, Vinitech se ha convertido en el escaparate mundial de las innovaciones del sector.<\/p>\n<p><a href=\"https:\/\/www.vinitech-sifel.com\/\" target=\"_blank\" rel=\"noopener noreferrer\"><span>www.vinitech-sifel.com<\/span><\/a><\/p>\n<p>[\/et_pb_blurb][et_pb_blurb title=\u00bbSALON SITEVI\u00bb url=\u00bbhttp:\/\/www.sitevi.com\u00bb url_new_window=\u00bbon\u00bb image=\u00bbhttps:\/\/lab.bmemballage.com\/esp\/wp-content\/uploads\/sites\/7\/2020\/08\/download.jpg\u00bb icon_placement=\u00bbleft\u00bb image_max_width=\u00bb300px\u00bb content_max_width=\u00bb100%\u00bb icon_placement_tablet=\u00bb\u00bb icon_placement_phone=\u00bbtop\u00bb icon_placement_last_edited=\u00bbon|phone\u00bb image_max_width_tablet=\u00bb\u00bb image_max_width_phone=\u00bb161px\u00bb image_max_width_last_edited=\u00bbon|phone\u00bb _builder_version=\u00bb4.6.5&#8243; _module_preset=\u00bbdefault\u00bb header_font=\u00bb|700|||||||\u00bb header_text_color=\u00bb#224584&#8243; header_font_size=\u00bb18px\u00bb body_link_text_color=\u00bb#224584&#8243; link_option_url=\u00bbhttp:\/\/www.sitevi.com\u00bb link_option_url_new_window=\u00bbon\u00bb header_text_align_tablet=\u00bb\u00bb header_text_align_phone=\u00bbcenter\u00bb header_text_align_last_edited=\u00bbon|phone\u00bb body_font_size_tablet=\u00bb\u00bb body_font_size_phone=\u00bb14px\u00bb body_font_size_last_edited=\u00bbon|phone\u00bb locked=\u00bboff\u00bb]<\/p>\n<p>Exposici\u00f3n internacional de equipos y conocimientos t\u00e9cnicos para la producci\u00f3n de vino, aceitunas, frutas y verduras.<br \/>Es la cita ineludible de la innovaci\u00f3n agr\u00edcola dedicada a los profesionales.<\/p>\n<p><span><a href=\"http:\/\/www.sitevi.com\" target=\"_blank\" rel=\"noopener noreferrer\">www.sitevi.com<\/a><\/span><\/p>\n<p>[\/et_pb_blurb][\/et_pb_column][\/et_pb_row][\/et_pb_section][et_pb_section fb_built=\u00bb1&#8243; _builder_version=\u00bb4.5.6&#8243; _module_preset=\u00bbdefault\u00bb background_color=\u00bb#f2f2f2&#8243; custom_padding=\u00bb38px||18px|||\u00bb top_divider_color=\u00bb#224584&#8243; top_divider_height=\u00bb52px\u00bb top_divider_flip=\u00bbvertical\u00bb bottom_divider_color=\u00bb#224584&#8243; da_disable_devices=\u00bboff|off|off\u00bb da_is_popup=\u00bboff\u00bb da_exit_intent=\u00bboff\u00bb da_has_close=\u00bbon\u00bb da_alt_close=\u00bboff\u00bb da_dark_close=\u00bboff\u00bb da_not_modal=\u00bbon\u00bb da_is_singular=\u00bboff\u00bb da_with_loader=\u00bboff\u00bb da_has_shadow=\u00bbon\u00bb][et_pb_row _builder_version=\u00bb4.5.6&#8243; _module_preset=\u00bbdefault\u00bb][et_pb_column type=\u00bb4_4&#8243; _builder_version=\u00bb4.5.6&#8243; _module_preset=\u00bbdefault\u00bb][et_pb_text _builder_version=\u00bb4.6.5&#8243; _module_preset=\u00bb3e83c471-5e65-4537-a855-d3569345055d\u00bb header_2_font=\u00bbMontserrat|700|||||||\u00bb header_2_text_align=\u00bbcenter\u00bb header_text_align_tablet=\u00bb\u00bb header_text_align_phone=\u00bbcenter\u00bb header_text_align_last_edited=\u00bbon|phone\u00bb header_2_text_align_tablet=\u00bb\u00bb header_2_text_align_phone=\u00bbcenter\u00bb header_2_text_align_last_edited=\u00bbon|phone\u00bb header_2_font_size_phone=\u00bb22px\u00bb]<\/p>\n<h2>BM <em>emballage, <\/em>38 A\u00d1OS ACOMPA\u00d1ADO AL VIVERO VID<\/h2>\n<p>[\/et_pb_text][\/et_pb_column][\/et_pb_row][\/et_pb_section][et_pb_section fb_built=\u00bb1&#8243; custom_padding_last_edited=\u00bbon|phone\u00bb _builder_version=\u00bb4.6.5&#8243; _module_preset=\u00bbdefault\u00bb custom_padding=\u00bb109px|||||\u00bb custom_padding_tablet=\u00bb\u00bb custom_padding_phone=\u00bb109px||40px||false|false\u00bb da_disable_devices=\u00bboff|off|off\u00bb global_module=\u00bb223510&#8243; saved_tabs=\u00bball\u00bb locked=\u00bboff\u00bb da_is_popup=\u00bboff\u00bb da_exit_intent=\u00bboff\u00bb da_has_close=\u00bbon\u00bb da_alt_close=\u00bboff\u00bb da_dark_close=\u00bboff\u00bb da_not_modal=\u00bbon\u00bb da_is_singular=\u00bboff\u00bb da_with_loader=\u00bboff\u00bb da_has_shadow=\u00bbon\u00bb][et_pb_row _builder_version=\u00bb4.5.6&#8243; _module_preset=\u00bbdefault\u00bb custom_margin=\u00bb-57px|auto||auto||\u00bb][et_pb_column type=\u00bb4_4&#8243; _builder_version=\u00bb4.5.6&#8243; _module_preset=\u00bbdefault\u00bb][dica_divi_carousel item_width=\u00bb175px\u00bb transition_duration=\u00bb1500&#8243; autoplay=\u00bbon\u00bb item_spacing=\u00bb50&#8243; _builder_version=\u00bb4.6.5&#8243; _module_preset=\u00bb23598ee3-8185-4a6c-9204-3bfb2b846f6f\u00bb][dica_divi_carouselitem title=\u00bbBM6&#8243; url=\u00bbhttps:\/\/lab.bmemballage.com\/es\/maquina-de-limpieza-de-las-varas-de-cepa-madre-bm6\/\u00bb button_url_new_window=\u00bb1&#8243; image=\u00bbhttps:\/\/lab.bmemballage.com\/esp\/wp-content\/uploads\/sites\/7\/2020\/08\/BM-EMBALLAGE-BM6-MACHINE-A-DEVRILLER-LA-VIGNE-MERE.png\u00bb _builder_version=\u00bb4.6.5&#8243; _module_preset=\u00bbdefault\u00bb body_font=\u00bbOpen Sans|600|||||||\u00bb body_font_size=\u00bb12px\u00bb body_line_height=\u00bb1.4em\u00bb]<\/p>\n<p>M\u00c1QUINA DE LIMPIEZA DE<br \/>LAS VARAS DE CEPA MADRE<\/p>\n<p>[\/dica_divi_carouselitem][dica_divi_carouselitem title=\u00bbBM8&#8243; url=\u00bbhttps:\/\/lab.bmemballage.com\/es\/maquina-para-el-desbrote-y-desyemado-bm8\/\u00bb button_url_new_window=\u00bb1&#8243; image=\u00bbhttps:\/\/lab.bmemballage.com\/esp\/wp-content\/uploads\/sites\/7\/2020\/08\/BM-EMBALLAGE-BM8-MACHINE-A-EBOURGEONNER-ET-DEBOUTURER-LA-VIGNE-MERE.png\u00bb _builder_version=\u00bb4.6.5&#8243; _module_preset=\u00bbdefault\u00bb body_font=\u00bbOpen Sans|600|||||||\u00bb body_font_size=\u00bb12px\u00bb body_line_height=\u00bb1.4em\u00bb]<\/p>\n<p>MAQUINA PARA<br \/>EL DESBROTE Y DESYEMADO<\/p>\n<p>[\/dica_divi_carouselitem][dica_divi_carouselitem title=\u00bbBM116&#8243; url=\u00bbhttps:\/\/lab.bmemballage.com\/es\/maquina-de-corte-para-portainjertos-bm116\/\u00bb button_url_new_window=\u00bb1&#8243; image=\u00bbhttps:\/\/lab.bmemballage.com\/esp\/wp-content\/uploads\/sites\/7\/2020\/08\/BM-EMBALLAGE-MACHINE-POUR-LA-COUPE-DES-PORTE-GREFFES.png\u00bb _builder_version=\u00bb4.6.5&#8243; _module_preset=\u00bbdefault\u00bb body_font=\u00bbOpen Sans|600|||||||\u00bb body_font_size=\u00bb12px\u00bb body_line_height=\u00bb1.4em\u00bb]<\/p>\n<p>M\u00c1QUINA DE CORTE PARA PORTAINJERTOS<\/p>\n<p>[\/dica_divi_carouselitem][dica_divi_carouselitem title=\u00bbBM76G\u00bb url=\u00bbhttps:\/\/lab.bmemballage.com\/es\/maquina-de-cortar-yemas-bm76g\/\u00bb button_url_new_window=\u00bb1&#8243; image=\u00bbhttps:\/\/lab.bmemballage.com\/esp\/wp-content\/uploads\/sites\/7\/2020\/08\/BM-EMBALLAGE-MACHINE-POUR-LA-COUPE-DES-GREFFONS.png\u00bb _builder_version=\u00bb4.6.5&#8243; _module_preset=\u00bbdefault\u00bb body_font=\u00bbOpen Sans|600|||||||\u00bb body_font_size=\u00bb12px\u00bb body_line_height=\u00bb1.4em\u00bb]<\/p>\n<p>MAQUINA DE CORTAR YEMAS<\/p>\n<p>[\/dica_divi_carouselitem][dica_divi_carouselitem title=\u00bbBM76S\u00bb url=\u00bbhttps:\/\/lab.bmemballage.com\/es\/maquina-de-cortar-yemas-speed-bm76s\/\u00bb button_url_new_window=\u00bb1&#8243; image=\u00bbhttps:\/\/lab.bmemballage.com\/esp\/wp-content\/uploads\/sites\/7\/2020\/08\/BM76S_0003_BM76S-360.103.jpg\u00bb _builder_version=\u00bb4.6.5&#8243; _module_preset=\u00bbdefault\u00bb body_font=\u00bbOpen Sans|600|||||||\u00bb body_font_size=\u00bb12px\u00bb body_line_height=\u00bb1.4em\u00bb]<\/p>\n<p>MAQUINA DE CORTAR YEMAS &#8211; SPEED<\/p>\n<p>[\/dica_divi_carouselitem][dica_divi_carouselitem title=\u00bbB18P\u00bb url=\u00bbhttps:\/\/lab.bmemballage.com\/es\/flejadora-semi-automatica-b18p\/\u00bb button_url_new_window=\u00bb1&#8243; image=\u00bbhttps:\/\/lab.bmemballage.com\/esp\/wp-content\/uploads\/sites\/7\/2020\/08\/BM-EMBALLAGE-B18P-CERCLEUSE-SEMI-AUTOMATIQUE.png\u00bb _builder_version=\u00bb4.6.5&#8243; _module_preset=\u00bbdefault\u00bb body_font=\u00bbOpen Sans|600|||||||\u00bb body_font_size=\u00bb12px\u00bb body_line_height=\u00bb1.4em\u00bb]<\/p>\n<p>FLEJADORA SEMI-AUTOMATICA<\/p>\n<p>[\/dica_divi_carouselitem][\/dica_divi_carousel][\/et_pb_column][\/et_pb_row][et_pb_row _builder_version=\u00bb4.5.6&#8243; _module_preset=\u00bbdefault\u00bb][et_pb_column type=\u00bb4_4&#8243; _builder_version=\u00bb4.5.6&#8243; _module_preset=\u00bbdefault\u00bb][et_pb_button button_url=\u00bbhttps:\/\/lab.bmemballage.com\/es\/todas-nuestras-maquinas\/\u00bb button_text=\u00bbDESCUBRIR\u00bb _builder_version=\u00bb4.6.5&#8243; _module_preset=\u00bbdefault\u00bb button_text_color=\u00bb#224584&#8243; button_border_color=\u00bb#224584&#8243; custom_padding_tablet=\u00bb\u00bb custom_padding_phone=\u00bb10px||10px||false|false\u00bb custom_padding_last_edited=\u00bbon|phone\u00bb button_text_size_tablet=\u00bb\u00bb button_text_size_phone=\u00bb18px\u00bb button_text_size_last_edited=\u00bbon|phone\u00bb][\/et_pb_button][\/et_pb_column][\/et_pb_row][\/et_pb_section][et_pb_section fb_built=\u00bb1&#8243; custom_padding_last_edited=\u00bbon|phone\u00bb _builder_version=\u00bb4.6.5&#8243; _module_preset=\u00bbdefault\u00bb background_color=\u00bb#f4f4f4&#8243; custom_padding=\u00bb0px||25px||false|false\u00bb custom_padding_tablet=\u00bb\u00bb custom_padding_phone=\u00bb0px||40px||false|false\u00bb da_disable_devices=\u00bboff|off|off\u00bb da_is_popup=\u00bboff\u00bb da_exit_intent=\u00bboff\u00bb da_has_close=\u00bbon\u00bb da_alt_close=\u00bboff\u00bb da_dark_close=\u00bboff\u00bb da_not_modal=\u00bbon\u00bb da_is_singular=\u00bboff\u00bb da_with_loader=\u00bboff\u00bb da_has_shadow=\u00bbon\u00bb][et_pb_row custom_padding_last_edited=\u00bbon|phone\u00bb _builder_version=\u00bb4.6.5&#8243; _module_preset=\u00bbdefault\u00bb custom_padding=\u00bb88px|||||\u00bb custom_padding_tablet=\u00bb\u00bb custom_padding_phone=\u00bb40px||0px||false|false\u00bb][et_pb_column type=\u00bb4_4&#8243; _builder_version=\u00bb4.5.6&#8243; _module_preset=\u00bbdefault\u00bb][et_pb_text _builder_version=\u00bb4.6.5&#8243; _module_preset=\u00bb9f353592-c401-4573-8e18-c215935ce6ec\u00bb custom_padding_tablet=\u00bb\u00bb custom_padding_phone=\u00bb||20px||false|false\u00bb custom_padding_last_edited=\u00bbon|phone\u00bb text_font_size_tablet=\u00bb\u00bb text_font_size_phone=\u00bb18px\u00bb text_font_size_last_edited=\u00bbon|phone\u00bb]<\/p>\n<p>Contacto con nuestros asesores<br \/>para todas las solicitudes de presupuesto e informaci\u00f3n<\/p>\n<p>[\/et_pb_text][\/et_pb_column][\/et_pb_row][et_pb_row _builder_version=\u00bb4.5.6&#8243; _module_preset=\u00bbdefault\u00bb][et_pb_column type=\u00bb4_4&#8243; _builder_version=\u00bb4.5.6&#8243; _module_preset=\u00bbdefault\u00bb][et_pb_button button_url=\u00bbhttps:\/\/lab.bmemballage.com\/esp\/contact\/\u00bb button_text=\u00bbCONTACTAR\u00bb _builder_version=\u00bb4.9.1&#8243; _module_preset=\u00bbe70fe75c-e6cc-4ac8-a9c9-8b2701734146&#8243; button_text_color=\u00bb#ffffff\u00bb button_bg_color=\u00bb#224584&#8243;][\/et_pb_button][\/et_pb_column][\/et_pb_row][\/et_pb_section]<\/p>\n","protected":false},"excerpt":{"rendered":"<p>INFORMACI\u00d3N \u00daTILORGANIZACIONESLa FFPV es el \u00fanico sindicato de viveros de Francia y se cre\u00f3 el 24 de febrero de 2003 tras la adhesi\u00f3n de todos los sindicatos departamentales o regionales. La FFPV celebra un congreso anual que permite a los viveristas hacer un balance de los siguientes temas: normativa, resultados y perspectivas de final de [&hellip;]<\/p>\n","protected":false},"author":1,"featured_media":0,"parent":0,"menu_order":0,"comment_status":"closed","ping_status":"closed","template":"","meta":{"_et_pb_use_builder":"on","_et_pb_old_content":"","_et_gb_content_width":"","inline_featured_image":false,"footnotes":""},"acf":[],"yoast_head":"<!-- This site is optimized with the Yoast SEO Premium plugin v15.0 - https:\/\/yoast.com\/wordpress\/plugins\/seo\/ -->\n<title>BM EMBALLAGE ESP | Infos utiles<\/title>\n<meta name=\"description\" content=\"Les principaux \u00e9v\u00e9nements de la fili\u00e8re viticole \u00e0 ne pas rater, Vinitech-Sifel, Salon Sitevi. Les principaux organismes \u00e0 conna\u00eetre, FFPV, Institut Fran\u00e7ais de la Vigne et du Vin\" \/>\n<meta name=\"robots\" content=\"index, follow, max-snippet:-1, max-image-preview:large, max-video-preview:-1\" \/>\n<link rel=\"canonical\" href=\"https:\/\/lab.bmemballage.com\/es\/informacion-de-interes\/\" \/>\n<meta property=\"og:locale\" content=\"es_ES\" \/>\n<meta property=\"og:type\" content=\"article\" \/>\n<meta property=\"og:title\" content=\"BM EMBALLAGE ESP | Infos utiles\" \/>\n<meta property=\"og:description\" content=\"Les principaux \u00e9v\u00e9nements de la fili\u00e8re viticole \u00e0 ne pas rater, Vinitech-Sifel, Salon Sitevi. Les principaux organismes \u00e0 conna\u00eetre, FFPV, Institut Fran\u00e7ais de la Vigne et du Vin\" \/>\n<meta property=\"og:site_name\" content=\"BM EMBALLAGE ESP\" \/>\n<meta property=\"article:modified_time\" content=\"2021-05-05T22:45:34+00:00\" \/>\n<meta name=\"twitter:card\" content=\"summary_large_image\" \/>\n<script type=\"application\/ld+json\" class=\"yoast-schema-graph\">{\"@context\":\"https:\/\/schema.org\",\"@graph\":[{\"@type\":\"Organization\",\"@id\":\"https:\/\/lab.bmemballage.com\/es\/#organization\",\"name\":\"BM EMBALLAGE\",\"url\":\"https:\/\/lab.bmemballage.com\/es\/\",\"sameAs\":[],\"logo\":{\"@type\":\"ImageObject\",\"@id\":\"https:\/\/lab.bmemballage.com\/es\/#logo\",\"inLanguage\":\"es\",\"url\":\"https:\/\/lab.bmemballage.com\/es\/wp-content\/uploads\/sites\/7\/2020\/07\/BM-EMBALLAGE-GAMME-PEPINIERISTE-LOGO.png\",\"width\":954,\"height\":388,\"caption\":\"BM EMBALLAGE\"},\"image\":{\"@id\":\"https:\/\/lab.bmemballage.com\/es\/#logo\"}},{\"@type\":\"WebSite\",\"@id\":\"https:\/\/lab.bmemballage.com\/es\/#website\",\"url\":\"https:\/\/lab.bmemballage.com\/es\/\",\"name\":\"BM EMBALLAGE ESP\",\"description\":\"GAMME DE MACHINE POUR P\\u00c9PINIERISTES VITICOLES\",\"publisher\":{\"@id\":\"https:\/\/lab.bmemballage.com\/es\/#organization\"},\"potentialAction\":[{\"@type\":\"SearchAction\",\"target\":\"https:\/\/lab.bmemballage.com\/es\/?s={search_term_string}\",\"query-input\":\"required name=search_term_string\"}],\"inLanguage\":\"es\"},{\"@type\":\"WebPage\",\"@id\":\"https:\/\/lab.bmemballage.com\/es\/informacion-de-interes\/#webpage\",\"url\":\"https:\/\/lab.bmemballage.com\/es\/informacion-de-interes\/\",\"name\":\"BM EMBALLAGE ESP | Infos utiles\",\"isPartOf\":{\"@id\":\"https:\/\/lab.bmemballage.com\/es\/#website\"},\"datePublished\":\"2020-06-15T14:17:45+00:00\",\"dateModified\":\"2021-05-05T22:45:34+00:00\",\"description\":\"Les principaux \\u00e9v\\u00e9nements de la fili\\u00e8re viticole \\u00e0 ne pas rater, Vinitech-Sifel, Salon Sitevi. Les principaux organismes \\u00e0 conna\\u00eetre, FFPV, Institut Fran\\u00e7ais de la Vigne et du Vin\",\"inLanguage\":\"es\",\"potentialAction\":[{\"@type\":\"ReadAction\",\"target\":[\"https:\/\/lab.bmemballage.com\/es\/informacion-de-interes\/\"]}]}]}<\/script>\n<!-- \/ Yoast SEO Premium plugin. -->","_links":{"self":[{"href":"https:\/\/lab.bmemballage.com\/es\/wp-json\/wp\/v2\/pages\/27"}],"collection":[{"href":"https:\/\/lab.bmemballage.com\/es\/wp-json\/wp\/v2\/pages"}],"about":[{"href":"https:\/\/lab.bmemballage.com\/es\/wp-json\/wp\/v2\/types\/page"}],"author":[{"embeddable":true,"href":"https:\/\/lab.bmemballage.com\/es\/wp-json\/wp\/v2\/users\/1"}],"replies":[{"embeddable":true,"href":"https:\/\/lab.bmemballage.com\/es\/wp-json\/wp\/v2\/comments?post=27"}],"version-history":[{"count":0,"href":"https:\/\/lab.bmemballage.com\/es\/wp-json\/wp\/v2\/pages\/27\/revisions"}],"wp:attachment":[{"href":"https:\/\/lab.bmemballage.com\/es\/wp-json\/wp\/v2\/media?parent=27"}],"curies":[{"name":"wp","href":"https:\/\/api.w.org\/{rel}","templated":true}]}}