{"id":56,"date":"2020-06-15T16:24:44","date_gmt":"2020-06-15T14:24:44","guid":{"rendered":"https:\/\/bmemballage.com\/esp\/?page_id=56"},"modified":"2021-05-04T13:23:35","modified_gmt":"2021-05-04T11:23:35","slug":"flejadora-semi-automatica-b18p","status":"publish","type":"page","link":"https:\/\/lab.bmemballage.com\/es\/flejadora-semi-automatica-b18p\/","title":{"rendered":"FLEJADORA SEMI-AUTOMATICA B18P"},"content":{"rendered":"<p>[et_pb_section fb_built=\u00bb1&#8243; _builder_version=\u00bb4.5.6&#8243; background_enable_image=\u00bboff\u00bb background_video_mp4=\u00bbhttps:\/\/lab.bmemballage.com\/esp\/wp-content\/uploads\/sites\/7\/2020\/08\/SEQ-5-B-B18P_1.mp4&#8243; custom_padding=\u00bb||||false|false\u00bb custom_css_main_element=\u00bbheight: 100vh;||display: flex;||justify-content: center;||\u00bb da_disable_devices=\u00bboff|off|off\u00bb da_is_popup=\u00bboff\u00bb da_exit_intent=\u00bboff\u00bb da_has_close=\u00bbon\u00bb da_alt_close=\u00bboff\u00bb da_dark_close=\u00bboff\u00bb da_not_modal=\u00bbon\u00bb da_is_singular=\u00bboff\u00bb da_with_loader=\u00bboff\u00bb da_has_shadow=\u00bbon\u00bb][et_pb_row use_custom_gutter=\u00bbon\u00bb gutter_width=\u00bb1&#8243; make_equal=\u00bbon\u00bb _builder_version=\u00bb4.5.6&#8243; width=\u00bb100%\u00bb max_width=\u00bb1479px\u00bb custom_margin=\u00bbauto|auto|auto|auto|false|false\u00bb custom_margin_tablet=\u00bb\u00bb custom_margin_phone=\u00bb||||false|false\u00bb custom_margin_last_edited=\u00bbon|phone\u00bb animation_direction=\u00bbleft\u00bb custom_width_px=\u00bb1280px\u00bb][et_pb_column type=\u00bb4_4&#8243; _builder_version=\u00bb3.25&#8243; background_position=\u00bbtop_left\u00bb custom_padding=\u00bb|||\u00bb custom_padding__hover=\u00bb|||\u00bb][et_pb_image src=\u00bbhttps:\/\/lab.bmemballage.com\/esp\/wp-content\/uploads\/sites\/7\/2020\/08\/B18P-LOGO.svg\u00bb title_text=\u00bbB18P LOGO\u00bb _builder_version=\u00bb4.5.6&#8243; _module_preset=\u00bbdefault\u00bb width=\u00bb18%\u00bb width_tablet=\u00bb\u00bb width_phone=\u00bb50%\u00bb width_last_edited=\u00bbon|phone\u00bb module_alignment=\u00bbcenter\u00bb custom_margin=\u00bb||30px||false|false\u00bb filter_invert=\u00bb100%\u00bb][\/et_pb_image][et_pb_text _builder_version=\u00bb4.6.5&#8243; _module_preset=\u00bbdefault\u00bb text_font=\u00bbMontserrat|600|||||||\u00bb text_text_color=\u00bb#f4d010&#8243; text_font_size=\u00bb51px\u00bb text_letter_spacing=\u00bb-1px\u00bb text_line_height=\u00bb1.4em\u00bb header_font=\u00bbMontserrat|600|||||||\u00bb header_text_align=\u00bbcenter\u00bb header_text_color=\u00bb#f4d010&#8243; header_font_size=\u00bb48px\u00bb header_line_height=\u00bb1.4em\u00bb text_orientation=\u00bbcenter\u00bb background_layout=\u00bbdark\u00bb module_alignment=\u00bbleft\u00bb custom_margin=\u00bb||0px|\u00bb text_font_size_tablet=\u00bb50&#8243; text_font_size_phone=\u00bb30px\u00bb text_font_size_last_edited=\u00bbon|phone\u00bb text_line_height_tablet=\u00bb1.1em\u00bb text_line_height_phone=\u00bb1em\u00bb text_line_height_last_edited=\u00bbon|phone\u00bb header_font_size_tablet=\u00bb\u00bb header_font_size_phone=\u00bb28px\u00bb header_font_size_last_edited=\u00bbon|phone\u00bb text_text_shadow_style=\u00bbpreset3&#8243; text_text_shadow_color=\u00bbrgba(0,0,0,0.24)\u00bb text_text_align=\u00bbcenter\u00bb]<\/p>\n<h1>FLEJADORA SEMIAUTOM\u00c1TICA<\/h1>\n<p>&nbsp;<\/p>\n<p>[\/et_pb_text][\/et_pb_column][\/et_pb_row][\/et_pb_section][et_pb_section fb_built=\u00bb1&#8243; _builder_version=\u00bb4.6.5&#8243; _module_preset=\u00bbc9cb76e2-e696-442d-9221-7abd54c606e6&#8243; da_disable_devices=\u00bboff|off|off\u00bb da_is_popup=\u00bboff\u00bb da_exit_intent=\u00bboff\u00bb da_has_close=\u00bbon\u00bb da_alt_close=\u00bboff\u00bb da_dark_close=\u00bboff\u00bb da_not_modal=\u00bbon\u00bb da_is_singular=\u00bboff\u00bb da_with_loader=\u00bboff\u00bb da_has_shadow=\u00bbon\u00bb][et_pb_row custom_padding_last_edited=\u00bbon|phone\u00bb _builder_version=\u00bb4.6.5&#8243; _module_preset=\u00bbdefault\u00bb custom_padding=\u00bb||34px|||\u00bb custom_padding_tablet=\u00bb\u00bb custom_padding_phone=\u00bb||0px||false|false\u00bb][et_pb_column type=\u00bb4_4&#8243; _builder_version=\u00bb4.5.6&#8243; _module_preset=\u00bbdefault\u00bb][et_pb_text disabled_on=\u00bbon|off|off\u00bb _builder_version=\u00bb4.6.5&#8243; _module_preset=\u00bb3e83c471-5e65-4537-a855-d3569345055d\u00bb text_text_color=\u00bb#224584&#8243; header_text_align=\u00bbleft\u00bb header_2_text_align=\u00bbcenter\u00bb]<\/p>\n<h2>REAGRUPAMIENTO Y LAZO<\/h2>\n<p>[\/et_pb_text][et_pb_text _builder_version=\u00bb4.6.5&#8243; _module_preset=\u00bbdefault\u00bb text_font=\u00bbOpen Sans||||||||\u00bb text_line_height=\u00bb1.4em\u00bb text_orientation=\u00bbcenter\u00bb]<\/p>\n<p>La flejadora semiautom\u00e1tica <strong>B18P<\/strong> re\u00fane de manera eficiente y r\u00e1pida madera, <br \/>metros, portainjertos, injertos y plantas de vid para la preparaci\u00f3n de fardos.<\/p>\n<p>[\/et_pb_text][\/et_pb_column][\/et_pb_row][\/et_pb_section][et_pb_section fb_built=\u00bb1&#8243; custom_padding_last_edited=\u00bbon|tablet\u00bb _builder_version=\u00bb3.26.6&#8243; custom_padding=\u00bb0px||122px||false|false\u00bb custom_padding_tablet=\u00bb50px||50px||false|false\u00bb custom_padding_phone=\u00bb0px||||false|false\u00bb da_disable_devices=\u00bboff|off|off\u00bb da_is_popup=\u00bboff\u00bb da_exit_intent=\u00bboff\u00bb da_has_close=\u00bbon\u00bb da_alt_close=\u00bboff\u00bb da_dark_close=\u00bboff\u00bb da_not_modal=\u00bbon\u00bb da_is_singular=\u00bboff\u00bb da_with_loader=\u00bboff\u00bb da_has_shadow=\u00bbon\u00bb][et_pb_row column_structure=\u00bb1_2,1_2&#8243; use_custom_gutter=\u00bbon\u00bb gutter_width=\u00bb1&#8243; _builder_version=\u00bb4.6.5&#8243; max_width=\u00bb1200px\u00bb module_alignment=\u00bbcenter\u00bb animation_style=\u00bbfade\u00bb animation_duration=\u00bb2000ms\u00bb][et_pb_column type=\u00bb1_2&#8243; _builder_version=\u00bb4.5.6&#8243; custom_padding=\u00bb|50px||50px|false|true\u00bb custom_padding_tablet=\u00bb|0px||0px|false|true\u00bb custom_padding_phone=\u00bb\u00bb custom_padding_last_edited=\u00bbon|phone\u00bb border_color_right=\u00bb#224584&#8243; border_width_right_tablet=\u00bb\u00bb border_width_right_phone=\u00bb\u00bb border_width_right_last_edited=\u00bbon|phone\u00bb border_color_right_tablet=\u00bbrgba(0,0,0,0)\u00bb border_color_right_phone=\u00bbrgba(0,0,0,0)\u00bb border_color_right_last_edited=\u00bbon|desktop\u00bb][et_pb_text _builder_version=\u00bb4.5.6&#8243; _module_preset=\u00bbdefault\u00bb custom_margin_tablet=\u00bb\u00bb custom_margin_phone=\u00bb||40px||false|false\u00bb custom_margin_last_edited=\u00bbon|phone\u00bb]    <div id=\"69f24ac8068ee\" rel=\"221080\" data-gg-autoplay=\"0\" class=\"gg_galleria_slider_wrap gg_galleria_slider_light gg_galleria_slider_show_thumbs gg_slider_no_borders gg_galleria_responsive ggs_221080\" style=\"width: 100%; \" data-asp-ratio=\"1\"><a href=\"https:\/\/lab.bmemballage.com\/es\/wp-content\/uploads\/sites\/7\/2020\/08\/Artboard-5.png\"><img src=\"\/\/lab.bmemballage.com\/es\/wp-content\/uploads\/sites\/7\/ewpt_cache\/100x60_90_1_c_FFFFFF_c03353ea73c4e45e38d11ac3a85cfa6a.png\" data-big=\"https:\/\/lab.bmemballage.com\/es\/wp-content\/uploads\/sites\/7\/2020\/08\/Artboard-5.png\" data-description=\"\" alt=\"Artboard 5\" \/><\/a><a href=\"https:\/\/lab.bmemballage.com\/es\/wp-content\/uploads\/sites\/7\/2020\/08\/b18p-3.jpg\"><img src=\"\/\/lab.bmemballage.com\/es\/wp-content\/uploads\/sites\/7\/ewpt_cache\/100x60_90_1_c_FFFFFF_8a21c5be505f8d8881aba2505e9cc908.jpg\" data-big=\"https:\/\/lab.bmemballage.com\/es\/wp-content\/uploads\/sites\/7\/2020\/08\/b18p-3.jpg\" data-description=\"\" alt=\"b18p-3\" \/><\/a><a href=\"https:\/\/lab.bmemballage.com\/es\/wp-content\/uploads\/sites\/7\/2020\/08\/b18p-1.jpg\"><img src=\"\/\/lab.bmemballage.com\/es\/wp-content\/uploads\/sites\/7\/ewpt_cache\/100x60_90_1_c_FFFFFF_05c1ac9105ef6f34e3bd02d19ec5871e.jpg\" data-big=\"https:\/\/lab.bmemballage.com\/es\/wp-content\/uploads\/sites\/7\/2020\/08\/b18p-1.jpg\" data-description=\"\" alt=\"b18p-1\" \/><\/a><a href=\"https:\/\/lab.bmemballage.com\/es\/wp-content\/uploads\/sites\/7\/2020\/08\/b18p-4.jpg\"><img src=\"\/\/lab.bmemballage.com\/es\/wp-content\/uploads\/sites\/7\/ewpt_cache\/100x60_90_1_c_FFFFFF_feceeacca45e046210029bc414528557.jpg\" data-big=\"https:\/\/lab.bmemballage.com\/es\/wp-content\/uploads\/sites\/7\/2020\/08\/b18p-4.jpg\" data-description=\"\" alt=\"b18p-4\" \/><\/a>        <div style=\"clear: both;\"><\/div><\/div>    <script type=\"text\/javascript\"> (function($) {         \"use strict\";                 $(document).ready(function($) {             if(typeof(gg_galleria_init) == \"function\") {                 gg_galleria_show(\"#69f24ac8068ee\");                gg_galleria_init(\"#69f24ac8068ee\");            }        });    })(jQuery);   <\/script><br \/>\n[\/et_pb_text][\/et_pb_column][et_pb_column type=\u00bb1_2&#8243; _builder_version=\u00bb4.6.5&#8243; background_color=\u00bb#f4f4f4&#8243; custom_padding=\u00bb|64px|33px|64px|false|true\u00bb custom_padding_tablet=\u00bb|0px||0px|false|true\u00bb custom_padding_phone=\u00bb\u00bb custom_padding_last_edited=\u00bbon|phone\u00bb border_color_right=\u00bb#224584&#8243; border_width_right_tablet=\u00bb\u00bb border_width_right_phone=\u00bb\u00bb border_width_right_last_edited=\u00bbon|phone\u00bb border_color_right_tablet=\u00bbrgba(0,0,0,0)\u00bb border_color_right_phone=\u00bbrgba(0,0,0,0)\u00bb border_color_right_last_edited=\u00bbon|desktop\u00bb][et_pb_blurb title=\u00bbVentajas\u00bb use_icon=\u00bbon\u00bb font_icon=\u00bb%%277%%\u00bb icon_color=\u00bb#f4d010&#8243; use_icon_font_size=\u00bbon\u00bb icon_font_size=\u00bb40px\u00bb icon_font_size_tablet=\u00bb\u00bb icon_font_size_phone=\u00bb30px\u00bb icon_font_size_last_edited=\u00bbon|phone\u00bb module_class=\u00bbblurb_icon_color\u00bb _builder_version=\u00bb4.6.5&#8243; header_font=\u00bb|700|||||||\u00bb header_text_align=\u00bbcenter\u00bb header_text_color=\u00bb#4D4134&#8243; header_font_size=\u00bb20px\u00bb header_line_height=\u00bb1.4em\u00bb body_font=\u00bb||||||||\u00bb body_text_align=\u00bbleft\u00bb body_text_color=\u00bbrgba(0,0,0,0.65)\u00bb body_line_height=\u00bb1.8em\u00bb custom_padding=\u00bb49px||||false|false\u00bb custom_padding_tablet=\u00bb\u00bb custom_padding_phone=\u00bb50px|10px||20px|false|false\u00bb custom_padding_last_edited=\u00bbon|phone\u00bb header_font_size_tablet=\u00bb\u00bb header_font_size_phone=\u00bb16px\u00bb header_font_size_last_edited=\u00bbon|phone\u00bb body_font_size_tablet=\u00bb\u00bb body_font_size_phone=\u00bb14px\u00bb body_font_size_last_edited=\u00bbon|phone\u00bb]<\/p>\n<ul>\n<li>M\u00e1quina fiable<\/li>\n<li>Tiempo de calefacci\u00f3n r\u00e1pido<\/li>\n<\/ul>\n<p>[\/et_pb_blurb][et_pb_blurb title=\u00bbPor qu\u00e9 comprar un BM18P?\u00bb use_icon=\u00bbon\u00bb font_icon=\u00bb%%234%%\u00bb icon_color=\u00bb#f4d010&#8243; use_icon_font_size=\u00bbon\u00bb icon_font_size=\u00bb40px\u00bb icon_font_size_tablet=\u00bb\u00bb icon_font_size_phone=\u00bb30px\u00bb icon_font_size_last_edited=\u00bbon|phone\u00bb module_class=\u00bbblurb_icon_color\u00bb _builder_version=\u00bb4.6.5&#8243; header_font=\u00bb|700|||||||\u00bb header_text_align=\u00bbcenter\u00bb header_text_color=\u00bb#4D4134&#8243; header_font_size=\u00bb20px\u00bb header_line_height=\u00bb1.4em\u00bb body_font=\u00bb||||||||\u00bb body_text_align=\u00bbleft\u00bb body_text_color=\u00bbrgba(0,0,0,0.65)\u00bb body_line_height=\u00bb1.8em\u00bb custom_padding=\u00bb49px||||false|false\u00bb custom_padding_tablet=\u00bb\u00bb custom_padding_phone=\u00bb50px|10px||20px|false|false\u00bb custom_padding_last_edited=\u00bbon|phone\u00bb header_font_size_tablet=\u00bb\u00bb header_font_size_phone=\u00bb16px\u00bb header_font_size_last_edited=\u00bbon|phone\u00bb body_font_size_tablet=\u00bb\u00bb body_font_size_phone=\u00bb14px\u00bb body_font_size_last_edited=\u00bbon|phone\u00bb]<\/p>\n<p>&nbsp;<\/p>\n<ul>\n<li>Necesito optimizar el tiempo de creaci\u00f3n del paquete<\/li>\n<li>Ya no puedo usar el cable<\/li>\n<li>Se conecta al cable de forma muy f\u00edsica, por lo que \u00abpuedo confiar\u00bb esta tarea a alguien menos \u00abfuerte\u00bb.<\/li>\n<li>Es ideal para colocar la etiqueta de rastreo.<\/li>\n<li>Enlace inviolable<\/li>\n<\/ul>\n<p>[\/et_pb_blurb][\/et_pb_column][\/et_pb_row][\/et_pb_section][et_pb_section fb_built=\u00bb1&#8243; custom_padding_last_edited=\u00bbon|phone\u00bb _builder_version=\u00bb4.5.6&#8243; background_color=\u00bb#f4d010&#8243; custom_padding=\u00bb32px||0px||false|false\u00bb custom_padding_tablet=\u00bb\u00bb custom_padding_phone=\u00bb0px||0px||false|false\u00bb da_disable_devices=\u00bboff|off|off\u00bb da_is_popup=\u00bboff\u00bb da_exit_intent=\u00bboff\u00bb da_has_close=\u00bbon\u00bb da_alt_close=\u00bboff\u00bb da_dark_close=\u00bboff\u00bb da_not_modal=\u00bbon\u00bb da_is_singular=\u00bboff\u00bb da_with_loader=\u00bboff\u00bb da_has_shadow=\u00bbon\u00bb][et_pb_row column_structure=\u00bb3_5,2_5&#8243; make_equal=\u00bbon\u00bb custom_padding_last_edited=\u00bbon|tablet\u00bb module_class=\u00bbcustom_row\u00bb _builder_version=\u00bb4.6.5&#8243; width_tablet=\u00bb\u00bb width_phone=\u00bb100%\u00bb width_last_edited=\u00bbon|phone\u00bb module_alignment=\u00bbcenter\u00bb custom_padding=\u00bb0px||0px|||\u00bb custom_padding_tablet=\u00bb||70px||false|false\u00bb custom_padding_phone=\u00bb||0px||false|false\u00bb][et_pb_column type=\u00bb3_5&#8243; module_class=\u00bbsecond-on-mobile\u00bb _builder_version=\u00bb4.6.5&#8243;][et_pb_video src=\u00bbhttps:\/\/lab.bmemballage.com\/esp\/wp-content\/uploads\/sites\/7\/2020\/08\/B18P-MVI-0213.mp4&#8243; src_webm=\u00bbhttps:\/\/lab.bmemballage.com\/esp\/wp-content\/uploads\/sites\/7\/2020\/08\/B18P-MVI-0213.mp4&#8243; image_src=\u00bb\/\/i.ytimg.com\/vi\/BCyBDyfCzq0\/hqdefault.jpg\u00bb thumbnail_overlay_color=\u00bbrgba(0,0,0,0.6)\u00bb _builder_version=\u00bb4.5.6&#8243; custom_margin=\u00bb-100px||-100px||true|false\u00bb custom_margin_tablet=\u00bb50px||50px||true|false\u00bb custom_margin_phone=\u00bb0px||0px||true|false\u00bb custom_margin_last_edited=\u00bbon|tablet\u00bb border_width_all=\u00bb10px\u00bb border_color_all=\u00bb#ffffff\u00bb box_shadow_style=\u00bbpreset1&#8243; box_shadow_blur=\u00bb14px\u00bb box_shadow_color=\u00bbrgba(0,0,0,0.09)\u00bb][\/et_pb_video][\/et_pb_column][et_pb_column type=\u00bb2_5&#8243; module_class=\u00bbmarvel_vertical_align\u00bb _builder_version=\u00bb3.27.4&#8243;][et_pb_text _builder_version=\u00bb4.6.5&#8243; text_font=\u00bbMontserrat|300|||||||\u00bb text_text_color=\u00bb#4D4134&#8243; text_font_size=\u00bb25px\u00bb text_line_height=\u00bb1.4em\u00bb custom_margin=\u00bb28px||14px||false|false\u00bb animation_style=\u00bbfade\u00bb animation_duration=\u00bb2000ms\u00bb animation_delay=\u00bb200ms\u00bb text_font_size_tablet=\u00bb\u00bb text_font_size_phone=\u00bb18px\u00bb text_font_size_last_edited=\u00bbon|phone\u00bb text_orientation_tablet=\u00bb\u00bb text_orientation_phone=\u00bbcenter\u00bb text_orientation_last_edited=\u00bbon|phone\u00bb]<\/p>\n<p>Video<\/p>\n<p>[\/et_pb_text][et_pb_text _builder_version=\u00bb4.6.5&#8243; text_font=\u00bbMontserrat|700||on|||||\u00bb text_text_color=\u00bb#224584&#8243; text_font_size=\u00bb35px\u00bb text_line_height=\u00bb1.4em\u00bb custom_margin=\u00bb-14px||7px|||\u00bb custom_padding=\u00bb0px|||||\u00bb animation_style=\u00bbfade\u00bb animation_duration=\u00bb2000ms\u00bb animation_delay=\u00bb200ms\u00bb text_font_size_tablet=\u00bb\u00bb text_font_size_phone=\u00bb18px\u00bb text_font_size_last_edited=\u00bbon|phone\u00bb text_orientation_tablet=\u00bb\u00bb text_orientation_phone=\u00bbcenter\u00bb text_orientation_last_edited=\u00bbon|phone\u00bb text_font_size__hover_enabled=\u00bboff\u00bb]<\/p>\n<p>LA B18P EN ACCI\u00d3N<\/p>\n<p>[\/et_pb_text][\/et_pb_column][\/et_pb_row][\/et_pb_section][et_pb_section fb_built=\u00bb1&#8243; custom_padding_last_edited=\u00bbon|tablet\u00bb _builder_version=\u00bb3.26.6&#8243; custom_padding=\u00bb200px||12px||false|false\u00bb custom_padding_tablet=\u00bb50px||||false|false\u00bb custom_padding_phone=\u00bb\u00bb da_disable_devices=\u00bboff|off|off\u00bb da_is_popup=\u00bboff\u00bb da_exit_intent=\u00bboff\u00bb da_has_close=\u00bbon\u00bb da_alt_close=\u00bboff\u00bb da_dark_close=\u00bboff\u00bb da_not_modal=\u00bbon\u00bb da_is_singular=\u00bboff\u00bb da_with_loader=\u00bboff\u00bb da_has_shadow=\u00bbon\u00bb][et_pb_row _builder_version=\u00bb4.5.6&#8243; _module_preset=\u00bbdefault\u00bb][et_pb_column type=\u00bb4_4&#8243; _builder_version=\u00bb4.5.6&#8243; _module_preset=\u00bbdefault\u00bb][et_pb_text _builder_version=\u00bb4.6.5&#8243; _module_preset=\u00bb930fe7e1-2356-4c90-be23-76895ec7330f\u00bb text_text_align=\u00bbcenter\u00bb]<\/p>\n<p>EN M\u00c1S DETALLE<\/p>\n<p>[\/et_pb_text][et_pb_text _builder_version=\u00bb4.6.5&#8243; _module_preset=\u00bb5858ffb0-14ff-48b5-b8d4-65618a7f64b3&#8243;]<\/p>\n<ul>\n<li>M\u00e1quina vertical sobre chasis acero<\/li>\n<li>Sellado por termo soldadura<\/li>\n<li>Tiempo de calefacci\u00f3n r\u00e1pido<\/li>\n<li>Ancho de fleje 12 mm<\/li>\n<li>Mesa ajustable de acero<\/li>\n<li>M\u00e1quina equipada con 4 ruedad de caucho<\/li>\n<li>Tecla \u00ab reset \u00bb para reiniciar la m\u00e1quina<\/li>\n<li>M\u00e1quina fiable<\/li>\n<li>Mesa grande en opci\u00f3n<\/li>\n<li>Material conforme a las normas de la CE<\/li>\n<\/ul>\n<p>[\/et_pb_text][et_pb_text _builder_version=\u00bb4.6.5&#8243; _module_preset=\u00bbdefault\u00bb text_font=\u00bbOpen Sans||||||||\u00bb]<\/p>\n<p><strong>Dimensionses<\/strong><\/p>\n<p>[\/et_pb_text][et_pb_text _builder_version=\u00bb4.6.5&#8243; _module_preset=\u00bb5858ffb0-14ff-48b5-b8d4-65618a7f64b3&#8243;]<\/p>\n<ul>\n<li>Ancho sin nada : 545 mm<\/li>\n<li>Profondidad : 745 mm<\/li>\n<li>Altura : 1 150 mm<\/li>\n<li>Altura de las mesas de trabajo : 650 \u00e0 850 mm<\/li>\n<li>Peso de la m\u00e1quina : 70 kg<\/li>\n<\/ul>\n<p>[\/et_pb_text][et_pb_text _builder_version=\u00bb4.6.5&#8243; _module_preset=\u00bbdefault\u00bb text_font=\u00bbOpen Sans||||||||\u00bb]<\/p>\n<p><strong>Potencia<\/strong><\/p>\n<p>[\/et_pb_text][et_pb_text _builder_version=\u00bb4.6.5&#8243; _module_preset=\u00bb5858ffb0-14ff-48b5-b8d4-65618a7f64b3&#8243;]<\/p>\n<ul>\n<li>Voltaje: 230 V<\/li>\n<li>Frecuencia : 50 Hz<\/li>\n<li>Intensidad : 3 A<\/li>\n<li>Potencia : 0.40 kW<\/li>\n<li>Fuerza de tensi\u00f3n : 1 \u00e0 70 kg<\/li>\n<\/ul>\n<p>[\/et_pb_text][et_pb_text _builder_version=\u00bb4.6.5&#8243; _module_preset=\u00bbdefault\u00bb text_font=\u00bbOpen Sans||||||||\u00bb]<\/p>\n<p><strong>Consumible<\/strong><\/p>\n<p>[\/et_pb_text][et_pb_text _builder_version=\u00bb4.6.5&#8243; _module_preset=\u00bb5858ffb0-14ff-48b5-b8d4-65618a7f64b3&#8243;]<\/p>\n<ul>\n<li>Materia : Polipropileno<\/li>\n<li>Ancho: 5 \u00e0 12 mm<\/li>\n<li>Espesor : 0.45 \u00e0 0.63 mm<\/li>\n<li>Bobina \u00d8 : 200 mm<\/li>\n<li>Longitud bobina : de 3 000 a 8 000 m\u00e8tros<\/li>\n<li>Paquete : caja de 2 bobinas<\/li>\n<li>Precauciones : Un fleje de mala calidad puede deteriorar a los rendimientos de la m\u00e1quina.<\/li>\n<\/ul>\n<p>[\/et_pb_text][\/et_pb_column][\/et_pb_row][\/et_pb_section][et_pb_section fb_built=\u00bb1&#8243; custom_padding_last_edited=\u00bbon|phone\u00bb _builder_version=\u00bb4.6.5&#8243; _module_preset=\u00bbdefault\u00bb background_color=\u00bb#f2f2f2&#8243; custom_padding=\u00bb36px||36px||true|false\u00bb custom_padding_tablet=\u00bb\u00bb custom_padding_phone=\u00bb60px||60px||true|false\u00bb da_disable_devices=\u00bboff|off|off\u00bb global_module=\u00bb223636&#8243; saved_tabs=\u00bball\u00bb da_is_popup=\u00bboff\u00bb da_exit_intent=\u00bboff\u00bb da_has_close=\u00bbon\u00bb da_alt_close=\u00bboff\u00bb da_dark_close=\u00bboff\u00bb da_not_modal=\u00bbon\u00bb da_is_singular=\u00bboff\u00bb da_with_loader=\u00bboff\u00bb da_has_shadow=\u00bbon\u00bb][et_pb_row custom_padding_last_edited=\u00bbon|phone\u00bb _builder_version=\u00bb4.6.5&#8243; _module_preset=\u00bbdefault\u00bb custom_padding=\u00bb68px||3px|||\u00bb custom_padding_tablet=\u00bb\u00bb custom_padding_phone=\u00bb0px||3px||false|false\u00bb][et_pb_column type=\u00bb4_4&#8243; _builder_version=\u00bb4.5.6&#8243; _module_preset=\u00bbdefault\u00bb][et_pb_text _builder_version=\u00bb4.6.5&#8243; _module_preset=\u00bb930fe7e1-2356-4c90-be23-76895ec7330f\u00bb text_line_height=\u00bb1.4em\u00bb text_text_align=\u00bbcenter\u00bb]<\/p>\n<p>DESEA RECIBIR UNA PROPUESTA COMERCIAL PARA UNA O VARIAS M\u00c1QUINAS ?<\/p>\n<p>[\/et_pb_text][et_pb_button button_url=\u00bb#too1&#8243; button_text=\u00bbS\u00ed, deseo recibir una propuesta comercial\u00bb module_class=\u00bbrv_button closed\u00bb _builder_version=\u00bb4.6.5&#8243; _module_preset=\u00bbe70fe75c-e6cc-4ac8-a9c9-8b2701734146&#8243; button_text_color=\u00bb#ffffff\u00bb button_bg_color=\u00bb#224584&#8243; button_text_size_tablet=\u00bb\u00bb button_text_size_phone=\u00bb16px\u00bb button_text_size_last_edited=\u00bbon|phone\u00bb locked=\u00bboff\u00bb][\/et_pb_button][\/et_pb_column][\/et_pb_row][et_pb_row module_id=\u00bbtoo1&#8243; _builder_version=\u00bb4.5.6&#8243; _module_preset=\u00bbdefault\u00bb][et_pb_column type=\u00bb4_4&#8243; _builder_version=\u00bb4.5.6&#8243; _module_preset=\u00bbdefault\u00bb][et_pb_divider show_divider=\u00bboff\u00bb _builder_version=\u00bb4.5.6&#8243; _module_preset=\u00bbdefault\u00bb][\/et_pb_divider][\/et_pb_column][\/et_pb_row][et_pb_row module_id=\u00bbreveal\u00bb _builder_version=\u00bb4.5.6&#8243; _module_preset=\u00bbdefault\u00bb custom_margin=\u00bb0px|auto||auto||\u00bb custom_padding=\u00bb13px|||||\u00bb][et_pb_column type=\u00bb4_4&#8243; _builder_version=\u00bb4.5.6&#8243; _module_preset=\u00bbdefault\u00bb][et_pb_wpt_gravityform gravityform_id=\u00bbgf-2&#8243; title=\u00bboff\u00bb description=\u00bboff\u00bb ajax=\u00bbon\u00bb field_container_custom_margin=\u00bb8px|0|0||false|false\u00bb input_container_custom_margin=\u00bb8px|0|0||false|false\u00bb input_container_custom_padding=\u00bb0|0|0|16px|false|false\u00bb consent_checkbox_custom_padding=\u00bb|0|20px|16px|false|false\u00bb text_input_bg_color=\u00bb#f7f7f7&#8243; select_field_custom_margin=\u00bb0px|0|0px|0|false|false\u00bb select_field_custom_padding=\u00bb16px|16px|16px|10px|false|false\u00bb section_field_custom_margin=\u00bb8px|8px|8px|8px|false|false\u00bb section_field_custom_padding=\u00bb8px|8px|8px|8px|false|false\u00bb section_field_border_color=\u00bb#224584&#8243; _builder_version=\u00bb4.9.1&#8243; _module_preset=\u00bbdefault\u00bb field_description_font=\u00bbOpen Sans||||||||\u00bb field_description_text_color=\u00bb#444444&#8243; input_font_font=\u00bbOpen Sans||||||||\u00bb input_font_text_color=\u00bb#224584&#8243; placeholder_text_color=\u00bb#224584&#8243; consent_checkbox_font=\u00bbOpen Sans||||||||\u00bb background_color=\u00bb#ffffff\u00bb custom_form_button=\u00bbon\u00bb form_button_text_color=\u00bb#224584&#8243; form_button_font=\u00bbOpen Sans|||on|||||\u00bb form_button_alignment=\u00bbright\u00bb custom_padding=\u00bb28px|23px|28px|23px|true|true\u00bb custom_css_main_element=\u00bbbox-shadow: 0 20px 100px rgba(0,0,0,.1);||-webkit-box-shadow: 0 20px 100px rgba(0,0,0,.1);||-moz-box-shadow: 0 20px 100px rgba(0,0,0,.1);||border-radius: 5px;||-webkit-border-radius: 5px;||-moz-border-radius: 5px;\u00bb border_width_all_input_general=\u00bb0px\u00bb border_color_bottom_input_general=\u00bb#224584&#8243; border_color_left_input_general=\u00bb#f4d010&#8243; locked=\u00bboff\u00bb][\/et_pb_wpt_gravityform][et_pb_text _builder_version=\u00bb4.6.5&#8243; _module_preset=\u00bbdefault\u00bb text_font=\u00bbRaleway||on||||||\u00bb text_font_size=\u00bb14px\u00bb locked=\u00bboff\u00bb]<\/p>\n<p>Reglamento General de Protecci\u00f3n de Datos de la Uni\u00f3n Europea: los datos recogidos ser\u00e1n objeto de un tratamiento inform\u00e1tico para la gesti\u00f3n de nuestra base de contactos entrantes. Somos responsables del tratamiento de sus datos. Los servicios internos y externos de la empresa <strong>BM Emballage<\/strong> son los destinatarios de estos datos. Conforme a la ley francesa \u00abInform\u00e1tica, Archivos y Libertades\u00bb, de 6 de enero de 1978 modificada, dispone de un derecho de acceso, modificaci\u00f3n y rectificaci\u00f3n de los datos que le conciernen que podr\u00e1 ejercer mediante una solicitud por correo electr\u00f3nico. Est\u00e1 en su derecho de rechazar el tratamiento de sus datos personales. En este caso, no podr\u00e1 beneficiarse de nuestros servicios.<\/p>\n<p>[\/et_pb_text][\/et_pb_column][\/et_pb_row][\/et_pb_section][et_pb_section fb_built=\u00bb1&#8243; custom_padding_last_edited=\u00bbon|phone\u00bb _builder_version=\u00bb4.6.5&#8243; _module_preset=\u00bbdefault\u00bb background_color=\u00bb#ffffff\u00bb custom_padding_tablet=\u00bb\u00bb custom_padding_phone=\u00bb40px||40px||false|false\u00bb da_disable_devices=\u00bboff|off|off\u00bb da_is_popup=\u00bboff\u00bb da_exit_intent=\u00bboff\u00bb da_has_close=\u00bbon\u00bb da_alt_close=\u00bboff\u00bb da_dark_close=\u00bboff\u00bb da_not_modal=\u00bbon\u00bb da_is_singular=\u00bboff\u00bb da_with_loader=\u00bboff\u00bb da_has_shadow=\u00bbon\u00bb][et_pb_row _builder_version=\u00bb4.5.1&#8243; _module_preset=\u00bbdefault\u00bb][et_pb_column type=\u00bb4_4&#8243; _builder_version=\u00bb4.5.1&#8243; _module_preset=\u00bbdefault\u00bb][et_pb_text _builder_version=\u00bb4.6.5&#8243; _module_preset=\u00bb3e83c471-5e65-4537-a855-d3569345055d\u00bb text_orientation=\u00bbcenter\u00bb locked=\u00bboff\u00bb]<\/p>\n<h2>CORTE PARA PORTAINJERTOS, DESCUBRA LA BM116<\/h2>\n<p>&nbsp;<\/p>\n<p>[\/et_pb_text][\/et_pb_column][\/et_pb_row][et_pb_row _builder_version=\u00bb4.5.1&#8243; _module_preset=\u00bbdefault\u00bb][et_pb_column type=\u00bb4_4&#8243; _builder_version=\u00bb4.5.1&#8243; _module_preset=\u00bbdefault\u00bb][et_pb_image src=\u00bbhttps:\/\/lab.bmemballage.com\/esp\/wp-content\/uploads\/sites\/7\/2020\/07\/BM116-DETOUREE_1200x1005.jpg\u00bb title_text=\u00bbBM116-DETOUREE_1200x1005&#8243; align=\u00bbcenter\u00bb _builder_version=\u00bb4.5.1&#8243; _module_preset=\u00bbdefault\u00bb width=\u00bb49%\u00bb][\/et_pb_image][\/et_pb_column][\/et_pb_row][et_pb_row _builder_version=\u00bb4.5.1&#8243; _module_preset=\u00bbdefault\u00bb][et_pb_column type=\u00bb4_4&#8243; _builder_version=\u00bb4.5.1&#8243; _module_preset=\u00bbdefault\u00bb][et_pb_button button_url=\u00bbhttps:\/\/lab.bmemballage.com\/es\/maquina-de-corte-para-portainjertos-bm116\/\u00bb button_text=\u00bbM\u00e1s informaci\u00f3n \u00bb _builder_version=\u00bb4.6.5&#8243; _module_preset=\u00bbf0d268c9-cd45-44d0-9268-8b53c75e4234&#8243; button_text_color=\u00bb#224584&#8243; button_font=\u00bb|||on|||||\u00bb button_text_size_tablet=\u00bb\u00bb button_text_size_phone=\u00bb18px\u00bb button_text_size_last_edited=\u00bbon|phone\u00bb locked=\u00bboff\u00bb][\/et_pb_button][\/et_pb_column][\/et_pb_row][\/et_pb_section][et_pb_section fb_built=\u00bb1&#8243; _builder_version=\u00bb4.5.6&#8243; _module_preset=\u00bbdefault\u00bb background_color=\u00bb#f2f2f2&#8243; custom_padding=\u00bb84px||84px||true|\u00bb da_disable_devices=\u00bboff|off|off\u00bb global_module=\u00bb223642&#8243; saved_tabs=\u00bball\u00bb locked=\u00bboff\u00bb da_is_popup=\u00bboff\u00bb da_exit_intent=\u00bboff\u00bb da_has_close=\u00bbon\u00bb da_alt_close=\u00bboff\u00bb da_dark_close=\u00bboff\u00bb da_not_modal=\u00bbon\u00bb da_is_singular=\u00bboff\u00bb da_with_loader=\u00bboff\u00bb da_has_shadow=\u00bbon\u00bb][et_pb_row _builder_version=\u00bb4.5.6&#8243; _module_preset=\u00bbdefault\u00bb custom_margin=\u00bb|auto|-4px|auto||\u00bb custom_padding=\u00bb4px||29px|||\u00bb][et_pb_column type=\u00bb4_4&#8243; _builder_version=\u00bb4.5.6&#8243; _module_preset=\u00bbdefault\u00bb][et_pb_text _builder_version=\u00bb4.6.5&#8243; _module_preset=\u00bb930fe7e1-2356-4c90-be23-76895ec7330f\u00bb text_font=\u00bbOpen Sans|600|||||||\u00bb text_font_size=\u00bb30px\u00bb text_line_height=\u00bb1.4em\u00bb min_height=\u00bb43px\u00bb custom_margin=\u00bb||-1px|||\u00bb button_text_size_phone=\u00bb18px\u00bb button_text_size_last_edited=\u00bbon|phone\u00bb]<\/p>\n<p>P\u00f3ngase en contacto con nuestros asesores <br \/>para cualquier informaci\u00f3n<\/p>\n<p>[\/et_pb_text][\/et_pb_column][\/et_pb_row][et_pb_row _builder_version=\u00bb4.5.6&#8243; _module_preset=\u00bbdefault\u00bb custom_margin=\u00bb3px|auto|-23px|auto||\u00bb custom_padding=\u00bb0px||4px|||\u00bb][et_pb_column type=\u00bb4_4&#8243; _builder_version=\u00bb4.5.6&#8243; _module_preset=\u00bbdefault\u00bb][et_pb_button button_url=\u00bbhttps:\/\/lab.bmemballage.com\/es\/contacto\/#contactenos\u00bb button_text=\u00bbCont\u00e1ctar\u00bb _builder_version=\u00bb4.9.1&#8243; _module_preset=\u00bbdefault\u00bb button_text_color=\u00bb#224584&#8243; button_font=\u00bb|||on|||||\u00bb custom_margin=\u00bb11px|||||\u00bb button_text_size_tablet=\u00bb\u00bb button_text_size_phone=\u00bb18px\u00bb button_text_size_last_edited=\u00bbon|phone\u00bb][\/et_pb_button][\/et_pb_column][\/et_pb_row][\/et_pb_section]<\/p>\n","protected":false},"excerpt":{"rendered":"<p>La machine \u00e0 cercler semi-automatique B18P regroupe efficacement et rapidement<br \/>\nbois, m\u00e8tres, porte-greffes, greffons et plant de vignes pour la pr\u00e9paration des fagots<\/p>\n","protected":false},"author":1,"featured_media":221973,"parent":0,"menu_order":0,"comment_status":"closed","ping_status":"closed","template":"","meta":{"_et_pb_use_builder":"on","_et_pb_old_content":"","_et_gb_content_width":"","inline_featured_image":false,"footnotes":""},"acf":[],"yoast_head":"<!-- This site is optimized with the Yoast SEO Premium plugin v15.0 - https:\/\/yoast.com\/wordpress\/plugins\/seo\/ -->\n<title>B18P - Flejadora semiautom\u00e1tica | BM EMBALLAGE<\/title>\n<meta name=\"description\" content=\"La flejadora semiautom\u00e1tica B18P enfarda eficaz y r\u00e1pidamente madera, metros, portainjertos, injertos y plantas de vid para la preparaci\u00f3n de fajos (atado).\" \/>\n<meta name=\"robots\" content=\"index, follow, max-snippet:-1, max-image-preview:large, max-video-preview:-1\" \/>\n<link rel=\"canonical\" href=\"https:\/\/lab.bmemballage.com\/es\/flejadora-semi-automatica-b18p\/\" \/>\n<meta property=\"og:locale\" content=\"es_ES\" \/>\n<meta property=\"og:type\" content=\"article\" \/>\n<meta property=\"og:title\" content=\"B18P - Flejadora semiautom\u00e1tica | BM EMBALLAGE\" \/>\n<meta property=\"og:description\" content=\"La flejadora semiautom\u00e1tica B18P enfarda eficaz y r\u00e1pidamente madera, metros, portainjertos, injertos y plantas de vid para la preparaci\u00f3n de fajos (atado).\" \/>\n<meta property=\"og:site_name\" content=\"BM EMBALLAGE ESP\" \/>\n<meta property=\"article:modified_time\" content=\"2021-05-04T11:23:35+00:00\" \/>\n<meta property=\"og:image\" content=\"https:\/\/lab.bmemballage.com\/es\/wp-content\/uploads\/sites\/7\/2020\/08\/Artboard-1-copy-4_400x400.jpg\" \/>\n\t<meta property=\"og:image:width\" content=\"400\" \/>\n\t<meta property=\"og:image:height\" content=\"400\" \/>\n<meta name=\"twitter:card\" content=\"summary_large_image\" \/>\n<script type=\"application\/ld+json\" class=\"yoast-schema-graph\">{\"@context\":\"https:\/\/schema.org\",\"@graph\":[{\"@type\":\"Organization\",\"@id\":\"https:\/\/lab.bmemballage.com\/es\/#organization\",\"name\":\"BM EMBALLAGE\",\"url\":\"https:\/\/lab.bmemballage.com\/es\/\",\"sameAs\":[],\"logo\":{\"@type\":\"ImageObject\",\"@id\":\"https:\/\/lab.bmemballage.com\/es\/#logo\",\"inLanguage\":\"es\",\"url\":\"https:\/\/lab.bmemballage.com\/es\/wp-content\/uploads\/sites\/7\/2020\/07\/BM-EMBALLAGE-GAMME-PEPINIERISTE-LOGO.png\",\"width\":954,\"height\":388,\"caption\":\"BM EMBALLAGE\"},\"image\":{\"@id\":\"https:\/\/lab.bmemballage.com\/es\/#logo\"}},{\"@type\":\"WebSite\",\"@id\":\"https:\/\/lab.bmemballage.com\/es\/#website\",\"url\":\"https:\/\/lab.bmemballage.com\/es\/\",\"name\":\"BM EMBALLAGE ESP\",\"description\":\"GAMME DE MACHINE POUR P\\u00c9PINIERISTES VITICOLES\",\"publisher\":{\"@id\":\"https:\/\/lab.bmemballage.com\/es\/#organization\"},\"potentialAction\":[{\"@type\":\"SearchAction\",\"target\":\"https:\/\/lab.bmemballage.com\/es\/?s={search_term_string}\",\"query-input\":\"required name=search_term_string\"}],\"inLanguage\":\"es\"},{\"@type\":\"ImageObject\",\"@id\":\"https:\/\/lab.bmemballage.com\/es\/flejadora-semi-automatica-b18p\/#primaryimage\",\"inLanguage\":\"es\",\"url\":\"https:\/\/lab.bmemballage.com\/es\/wp-content\/uploads\/sites\/7\/2020\/08\/Artboard-1-copy-4_400x400.jpg\",\"width\":400,\"height\":400},{\"@type\":\"WebPage\",\"@id\":\"https:\/\/lab.bmemballage.com\/es\/flejadora-semi-automatica-b18p\/#webpage\",\"url\":\"https:\/\/lab.bmemballage.com\/es\/flejadora-semi-automatica-b18p\/\",\"name\":\"B18P - Flejadora semiautom\\u00e1tica | BM EMBALLAGE\",\"isPartOf\":{\"@id\":\"https:\/\/lab.bmemballage.com\/es\/#website\"},\"primaryImageOfPage\":{\"@id\":\"https:\/\/lab.bmemballage.com\/es\/flejadora-semi-automatica-b18p\/#primaryimage\"},\"datePublished\":\"2020-06-15T14:24:44+00:00\",\"dateModified\":\"2021-05-04T11:23:35+00:00\",\"description\":\"La flejadora semiautom\\u00e1tica B18P enfarda eficaz y r\\u00e1pidamente madera, metros, portainjertos, injertos y plantas de vid para la preparaci\\u00f3n de fajos (atado).\",\"inLanguage\":\"es\",\"potentialAction\":[{\"@type\":\"ReadAction\",\"target\":[\"https:\/\/lab.bmemballage.com\/es\/flejadora-semi-automatica-b18p\/\"]}]}]}<\/script>\n<!-- \/ Yoast SEO Premium plugin. -->","_links":{"self":[{"href":"https:\/\/lab.bmemballage.com\/es\/wp-json\/wp\/v2\/pages\/56"}],"collection":[{"href":"https:\/\/lab.bmemballage.com\/es\/wp-json\/wp\/v2\/pages"}],"about":[{"href":"https:\/\/lab.bmemballage.com\/es\/wp-json\/wp\/v2\/types\/page"}],"author":[{"embeddable":true,"href":"https:\/\/lab.bmemballage.com\/es\/wp-json\/wp\/v2\/users\/1"}],"replies":[{"embeddable":true,"href":"https:\/\/lab.bmemballage.com\/es\/wp-json\/wp\/v2\/comments?post=56"}],"version-history":[{"count":0,"href":"https:\/\/lab.bmemballage.com\/es\/wp-json\/wp\/v2\/pages\/56\/revisions"}],"wp:featuredmedia":[{"embeddable":true,"href":"https:\/\/lab.bmemballage.com\/es\/wp-json\/wp\/v2\/media\/221973"}],"wp:attachment":[{"href":"https:\/\/lab.bmemballage.com\/es\/wp-json\/wp\/v2\/media?parent=56"}],"curies":[{"name":"wp","href":"https:\/\/api.w.org\/{rel}","templated":true}]}}